{"id":46,"date":"2020-12-18T15:46:53","date_gmt":"2020-12-18T14:46:53","guid":{"rendered":"https:\/\/www.ifa-asso.com\/startup-licorne\/?post_type=intervenants&#038;p=46"},"modified":"2021-01-15T10:46:04","modified_gmt":"2021-01-15T09:46:04","slug":"veronique-saubot","status":"publish","type":"intervenants","link":"https:\/\/www.ifa-asso.com\/startup-licorne\/intervenants\/veronique-saubot\/","title":{"rendered":"Veronique Saubot"},"content":{"rendered":"<p>Associ\u00e9e de Kairn\u00a0Consulting. Dipl\u00f4m\u00e9e de l\u2019Ecole sup\u00e9rieure de commerce de Paris et de l\u2019INSEAD, V\u00e9ronique Saubot d\u00e9bute sa carri\u00e8re, chez Arthur Andersen avant d\u2019int\u00e9grer Valeo en 1994 comme contr\u00f4leur de gestion pour \u00e9voluer jusqu\u2019au poste de\u00a0 directrice du plan strat\u00e9gique. Elle a \u00e9galement \u00e9t\u00e9 pr\u00e9sidente de Coronelli International, de Tykya et de l\u2019association Force Femmes, administratrice ind\u00e9pendante de La Poste et Dayone et membre du conseil d\u2019administration de LISI.<\/p>\n","protected":false},"featured_media":0,"template":"","_links":{"self":[{"href":"https:\/\/www.ifa-asso.com\/startup-licorne\/wp-json\/wp\/v2\/intervenants\/46"}],"collection":[{"href":"https:\/\/www.ifa-asso.com\/startup-licorne\/wp-json\/wp\/v2\/intervenants"}],"about":[{"href":"https:\/\/www.ifa-asso.com\/startup-licorne\/wp-json\/wp\/v2\/types\/intervenants"}],"wp:attachment":[{"href":"https:\/\/www.ifa-asso.com\/startup-licorne\/wp-json\/wp\/v2\/media?parent=46"}],"curies":[{"name":"wp","href":"https:\/\/api.w.org\/{rel}","templated":true}]}}